{"id":54,"date":"2024-11-19T16:55:05","date_gmt":"2024-11-19T15:55:05","guid":{"rendered":"http:\/\/berliner-modell-tfp.de\/?page_id=54"},"modified":"2026-04-19T16:22:09","modified_gmt":"2026-04-19T14:22:09","slug":"faq","status":"publish","type":"page","link":"http:\/\/berliner-modell-tfp.de\/index.php\/faq\/","title":{"rendered":"FAQ:"},"content":{"rendered":"\n<p><strong><em>Wann beginnt der n\u00e4chste Kurs?<\/em><\/strong><br>Der n\u00e4chste Kurs beginnt im Mai 2026.<\/p>\n\n\n\n<p>Das Berliner Modell er\u00f6ffnet in 1&nbsp;\u00bd-j\u00e4hrigem Rhythmus jeweils im Fr\u00fchjahr oder im Herbst einen neuen Kurs<\/p>\n\n\n\n<p><strong><em>Welche Voraussetzungen zur Anerkennung bei der zust\u00e4ndigen \u00c4rztekammer m\u00fcssen erf\u00fcllt werden?<\/em><\/strong><br>Informationen dazu finden Sie in der f\u00fcr Sie g\u00fcltigen Weiterbildungsordnung (z. B. WbO 2004 oder WbO 2020).<\/p>\n\n\n\n<p><strong><em>Welche Unterlagen m\u00fcssen f\u00fcr das Zwischenkolloquium vorliegen?<\/em><\/strong><br>Voraussetzung f\u00fcr die Anmeldung zum Zwischenkolloquium: 5 akzeptierte und supervidierte Anamnesen.<\/p>\n\n\n\n<p>Im Rahmen eines kollegialen Gespr\u00e4ches Vorstellung eines Falles (Anamnese). Anschlie\u00dfend gemeinsamer Austausch von \u00dcberlegungen. Pr\u00fcfungsfragen o. \u00e4. im engeren Sinne werden nicht gestellt und es m\u00fcssen keine Unterlagen vorab eingereicht werden.<\/p>\n\n\n\n<p><strong><em>Welche Unterlagen m\u00fcssen f\u00fcr das Abschlusskolloquium vorliegen?<\/em><\/strong><br>Voraussetzungen f\u00fcr die Anmeldung zum Abschlusskolloquium: 6 Behandlungen \u00fcber insgesamt 240\u00a0Stunden (davon 3 mit jeweils 50 Stunden) + 18 supervidierte Anamnesen<\/p>\n\n\n\n<p>F\u00fcr das Abschlusskolloquium reichen Sie bitte eine Woche vor dem vereinbarten Termin schriftlich folgende Unterlagen ein:<\/p>\n\n\n\n<ul class=\"wp-block-list\">\n<li>1 Bericht zum Psychotherapie-Antrag bei der Krankenkasse<\/li>\n\n\n\n<li>1 Bericht zur Fortf\u00fchrung der Behandlung, in dem der Verlauf dargestellt wird<\/li>\n\n\n\n<li>1 Bericht f\u00fcr eine Fallvorstellung in der Pr\u00fcfung (ca. 4 maschinenschriftliche A4-Seiten, 20 Minuten Vortragsdauer) = Darstellung des gesamten Verlaufs der Behandlung vom ersten Kennenlernen bis zum Abschied unter psychodynamischen Gesichtspunkten<\/li>\n<\/ul>\n\n\n\n<p><strong><em>Welche Voraussetzungen gelten f\u00fcr die Anerkennung der Lehrtherapie?<\/em><\/strong><br>\u00c4rzt:in\/Psychotherapeut:in mit Pr\u00e4gung in tiefenpsychologisch fundierter Psychotherapie\/Psychoanalyse<br>Mindestanforderung der \u00c4rztekammer Berlin an die\/den \u00c4rzt:in\/Psychotherapeut:in: 3 Jahre Berufsaus\u00fcbung nach Approbation bzw. Facharztpr\u00fcfung.<br>\u00a0<\/p>\n","protected":false},"excerpt":{"rendered":"<p>Wann beginnt der n\u00e4chste Kurs?Der n\u00e4chste Kurs beginnt im Mai 2026. Das Berliner Modell er\u00f6ffnet in 1&nbsp;\u00bd-j\u00e4hrigem Rhythmus jeweils im Fr\u00fchjahr oder im Herbst einen neuen Kurs Welche Voraussetzungen zur Anerkennung bei der zust\u00e4ndigen \u00c4rztekammer m\u00fcssen erf\u00fcllt werden?Informationen dazu finden Sie in der f\u00fcr Sie g\u00fcltigen Weiterbildungsordnung (z. B. WbO 2004 oder WbO 2020). Welche [&hellip;]<\/p>\n","protected":false},"author":1,"featured_media":0,"parent":0,"menu_order":0,"comment_status":"closed","ping_status":"closed","template":"","meta":{"footnotes":""},"class_list":["post-54","page","type-page","status-publish","hentry"],"_links":{"self":[{"href":"http:\/\/berliner-modell-tfp.de\/index.php\/wp-json\/wp\/v2\/pages\/54","targetHints":{"allow":["GET"]}}],"collection":[{"href":"http:\/\/berliner-modell-tfp.de\/index.php\/wp-json\/wp\/v2\/pages"}],"about":[{"href":"http:\/\/berliner-modell-tfp.de\/index.php\/wp-json\/wp\/v2\/types\/page"}],"author":[{"embeddable":true,"href":"http:\/\/berliner-modell-tfp.de\/index.php\/wp-json\/wp\/v2\/users\/1"}],"replies":[{"embeddable":true,"href":"http:\/\/berliner-modell-tfp.de\/index.php\/wp-json\/wp\/v2\/comments?post=54"}],"version-history":[{"count":4,"href":"http:\/\/berliner-modell-tfp.de\/index.php\/wp-json\/wp\/v2\/pages\/54\/revisions"}],"predecessor-version":[{"id":460,"href":"http:\/\/berliner-modell-tfp.de\/index.php\/wp-json\/wp\/v2\/pages\/54\/revisions\/460"}],"wp:attachment":[{"href":"http:\/\/berliner-modell-tfp.de\/index.php\/wp-json\/wp\/v2\/media?parent=54"}],"curies":[{"name":"wp","href":"https:\/\/api.w.org\/{rel}","templated":true}]}}